{"version":"1.0","provider_name":"A Tudat Ereje","provider_url":"https:\/\/atudatereje.cafeblog.hu","author_name":"Kriszti Kiss","author_url":"https:\/\/atudatereje.cafeblog.hu\/author\/kriszti_kiss\/","title":"Az otthon...","html":"<span style=\"font-family: 'arial black', 'avant garde';background-color: #ccffcc\"><strong><span style=\"color: #003300\">Mit is jelent ez? Nem csak egy helyrajzi sz\u00e1mot jelk\u00e9pez, ann\u00e1l sokkal t\u00f6bbet.\u00a0<\/span><\/strong><\/span>\r\n\r\n<!--more-->\r\n\r\n&nbsp;\r\n\r\n<span style=\"font-family: 'arial black', 'avant garde';background-color: #ccffcc\"><strong><span style=\"color: #003300\">Az otthon ott van benned. Csak a hozz\u00e1 tartoz\u00f3 dolgokat csomagolod ki ideig-\u00f3r\u00e1ig. Biztosan k\u00f6lt\u00f6zk\u00f6dt\u00e9l m\u00e1r. Amikor elindulsz lak\u00e1sn\u00e9z\u0151be, borzaszt\u00f3 neh\u00e9z dolgod van. Saj\u00e1t magadat kell elk\u00e9pzelned egy idegen k\u00f6zegben. Igen, ehhez fant\u00e1zia \u00e9s nem kev\u00e9s kreativit\u00e1s is kell.\u00a0<\/span><\/strong><\/span>\r\n\r\n<span style=\"font-family: 'arial black', 'avant garde';background-color: #ccffcc\"><strong><span style=\"color: #003300\">R\u00e9gebben nem nagyon \u00e9rtettem, mi\u00e9rt mondj\u00e1k, hogy a konyha a lak\u00e1s k\u00f6zpontja. Azt\u00e1n elkezdtem s\u00fctni-f\u0151zni... Az illatok, az \u00edzek. Igen. Meghat\u00e1rozz\u00e1k az eg\u00e9sz lak\u00e1st is. Azt is hallottam, hogy a szer<em>etet<\/em>ben fel lehet fedezni az <em>etet<\/em> sz\u00f3t. Amikor t\u00e1pl\u00e1lni akarsz. Ez lehet, hogy amolyan n\u0151i dolog \u00e9s visszavezethet\u0151 a kicsi bab\u00e1kra, a szoptat\u00e1sra. Nem tudom... b\u00e1r igen, ink\u00e1bb n\u0151i, a f\u00e9rfiak m\u00e1shogy fejezik ki magukat. Sz\u00f3val. N\u00e1lunk n\u0151kn\u00e9l ez\u00e9rt fontos a konyha, hiszen mi el\u00e9g sok id\u0151t t\u00f6lt\u00fcnk ott. Azt ugye mindenki tudja, hogy a lak\u00e1st a n\u0151 teszi otthonn\u00e1, a csal\u00e1di b\u00e9ke vel\u00fcnk kezd\u0151dik, hiszen mi fogjuk \u00f6ssze az eg\u00e9szet. Vagyis mi teremt\u00fcnk egys\u00e9get, mi \"\u00f6lelj\u00fck \u00e1t\" \u00e9s tessz\u00fck csal\u00e1dd\u00e1. Itt nem sz\u00e1m\u00edt a v\u00e9rrokons\u00e1g, az mell\u00e9kes dolog.\u00a0<\/span><\/strong><\/span>\r\n\r\n<span style=\"font-family: 'arial black', 'avant garde';background-color: #ccffcc\"><strong><span style=\"color: #003300\">Ez\u00e9rt k\u00fcl\u00f6n\u00f6sen fontos, hogy benn\u00fcnk b\u00e9ke legyen, harm\u00f3nia. A mi energi\u00e1nk hat\u00e1rozza meg a lak\u00e1s energi\u00e1j\u00e1t is. Biztos veled is volt m\u00e1r olyan, hogy \"mehetn\u00e9ked\" volt. Amikor nem tudsz otthon maradni. Na ilyenkor van az, hogy benned, ott bel\u00fcl nincs rend. Olyankor engem sem \u00e9rdekel semmi. Felkelek, \u00f6sszeszedem magam \u00e9s m\u00e1r ott se vagyok! Fel\u0151lem lehetnek a ruh\u00e1k szerte-sz\u00e9t, halmokban \u00e1llhat minden. Csak szabadulni min\u00e9l el\u0151bb... J\u00f3, k\u00e1v\u00e9 \u00e9s hozz\u00e1 tiszta b\u00f6gre tuti lesz...Majd j\u00f6n egy fordul\u00f3pont, amikor val\u00f3sz\u00edn\u0171leg n\u00e9mi Encsi vagy Nati seg\u00edts\u00e9ggel r\u00e1j\u00f6v\u00f6k, hogy mi is a baj. Itt m\u00e1r tudatosodik a val\u00f3di probl\u00e9ma... \u00e9s \u00edgy fel tudom oldani! Elkezdek rendet rakni, takar\u00edtani, pakol\u00e1szni. Azt\u00e1n m\u00e9g f\u0151zni is ;) Ahogy a lelkemben kezd megint helyre ker\u00fclni minden, \u00fagy a lak\u00e1sban is. K\u00f6lcs\u00f6nhat\u00e1s van. Sz\u00f3val ha \u00e1tj\u00f6ssz \u00e9s rend van, akkor nyugodtan mond, mi baj, mert akkor \u00e9pp toppon vagyok \u00e9s nyitott r\u00e1d :)<\/span><\/strong><\/span>\r\n\r\n<span style=\"font-family: 'arial black', 'avant garde';background-color: #ccffcc\"><strong><span style=\"color: #003300\">Nem sz\u00e1m\u00edt, mekkora lak\u00e1sban vagy h\u00e1zban \u00e9lsz. Ez szok\u00e1s \u00e9s p\u00e9nz k\u00e9rd\u00e9se. Az a l\u00e9nyeg, hogy amikor bel\u00e9psz az ajt\u00f3n, meglegyen az az \"igen, itthon vagyok\" \u00e9rz\u00e9s. Ahol \u00f6nmagad lehetsz. Elb\u00fajhatsz a vil\u00e1g el\u0151l, ha \u00fagy tartja kedved, vagy ak\u00e1r beh\u00edvhatod a vil\u00e1got. Mikor mit szeretn\u00e9l. Csak legy\u00e9l rendben magaddal. Az sem baj, ha bal l\u00e1bbal kelsz. Azt mondj\u00e1k az okosok, hogy van ilyen, s\u0151t... lehet, hogy fenn van \u00e9ppen egy traum\u00e1d. Ez sem baj! \u00d6r\u00fclj neki! Mert akkor szembe tudsz vele n\u00e9zni, helyre tudod tenni \u00e9s akkor megint b\u00e9ke lesz :) Ez egy \u00f6r\u00f6k k\u00f6rforg\u00e1s :))) Megoldasz egy probl\u00e9m\u00e1t, kis pihi, azt\u00e1n j\u00f6n a k\u00f6vetkez\u0151. Csak tudd, ha valami fenn van, akkor az az\u00e9rt t\u00f6rt\u00e9nik, mert elj\u00f6tt a pillanat, hogy meg tudod oldani. Mert mindig meg tudod oldani! Ott van benned az er\u0151 hozz\u00e1!<\/span><\/strong><\/span>\r\n\r\n<span style=\"font-family: 'arial black', 'avant garde';background-color: #ccffcc\"><strong><span style=\"color: #003300\">Ahol most lakunk, r\u00e9gebben nem nagyon szerettem ezt a lak\u00e1st. S\u00f6t\u00e9t volt, nem volt szimpi. Azt\u00e1n tavasszal festett\u00fcnk. \u00c1trendezt\u00fck \u00fagy, ahogy \u00e9n azt eredetileg szerettem volna. Orsi bar\u00e1tn\u0151mt\u0151l k\u00e9rtem sz\u00e9p mandal\u00e1kat. Egy p\u00e1r k\u00e9pet m\u00e9g ki is nyomtatott nekem. A saj\u00e1t \u00edzl\u00e9semre form\u00e1ltam \u00e9s az\u00f3ta m\u00e1s lett. Az eg\u00e9sz lak\u00e1s energetik\u00e1ja megv\u00e1ltozott! Mert kedvemre alak\u00edthattam, m\u00e1r nem a lak\u00e1s alak\u00edtott engem, hanem \u00e9n \u0151t. Igen, teljesen m\u00e1s lett, olyan OTTHON. Az\u00f3ta nem is vagyok \"pucol\u00f3s\" :)))) Persze, szerencs\u00e9m van abban, hogy M\u00e1sik Felem r\u00e1m hagyja ezeket a fejl\u00f6v\u00e9seket. De valahol azt hiszem \u0151 is j\u00f3l \u00e9rzi mag\u00e1t benne :)<\/span><\/strong><\/span>\r\n\r\n<span style=\"font-family: 'arial black', 'avant garde';background-color: #ccffcc\"><strong><span style=\"color: #003300\">L\u00e1tod? Megint te vagy a l\u00e9nyeg! Te vagy a k\u00f6zpont! Ha te rendben vagy magaddal, az az otthonodon is \u00e9rz\u0151dik-l\u00e1tsz\u00f3dik. Te teremted a saj\u00e1t val\u00f3s\u00e1godat! Ott benn, a sz\u00edvedben tal\u00e1lsz mened\u00e9ket... \u00e9s ha ott meglelted amit keresel, a k\u00fclvil\u00e1gban is meg fogod. :))<\/span><\/strong><\/span>\r\n\r\n<img class=\"imgnotext\" src=\"https:\/\/atudatereje.cafeblog.hu\/files\/2014\/11\/004044306644108856101.jpg\" alt=\"\" \/>","type":"rich","thumbnail_url":"https:\/\/atudatereje.cafeblog.hu\/files\/2014\/11\/00404430664410885610-150x150.jpg","thumbnail_width":150,"thumbnail_height":150}